{"id":256,"date":"2017-04-19T10:27:48","date_gmt":"2017-04-19T08:27:48","guid":{"rendered":"https:\/\/orgue.musicrea-jmc.fr\/boutique\/?post_type=product&#038;p=256"},"modified":"2025-12-31T14:52:49","modified_gmt":"2025-12-31T13:52:49","slug":"cours-en-video-prelude-improvise","status":"publish","type":"product","link":"https:\/\/orgue.musicrea-jmc.fr\/boutique\/produit\/cours-en-video-prelude-improvise\/","title":{"rendered":"Cours en vid\u00e9o : &nbsp;&nbsp;Pr\u00e9lude-improvis\u00e9 &emsp;&nbsp;"},"content":{"rendered":"<p style=\"text-align: center;\"><span class=\"embed-youtube\" style=\"text-align:center; display: block;\"><iframe class=\"youtube-player\" width=\"560\" height=\"314\" src=\"https:\/\/www.youtube.com\/embed\/2h8iI35w82A?version=3&#038;rel=1&#038;showsearch=0&#038;showinfo=1&#038;iv_load_policy=1&#038;fs=1&#038;hl=fr-FR&#038;autohide=2&#038;wmode=transparent\" allowfullscreen=\"true\" style=\"border:0;\" sandbox=\"allow-scripts allow-same-origin allow-popups allow-presentation allow-popups-to-escape-sandbox\"><\/iframe><\/span><\/p>\n<p><strong><em>Comment improviser un pr\u00e9lude \u00e0 la mode Baroque. <\/em><\/strong>Tout le processus d\u00e9taill\u00e9 dans cette vid\u00e9o (54mn, 27 sec.). Chaque \u00e9l\u00e9ment constitutif (th\u00e8me, cadences, marches harmoniques) est d\u00e9velopp\u00e9 et donne lieu \u00e0 des exercices, v\u00e9ritables petites \u00e9tudes improvis\u00e9es qui vont pr\u00e9parer l&#8217;improvisation finale. En plus de la vid\u00e9o, deux fichier PDF sont inclus dans le t\u00e9l\u00e9chargement :<\/p>\n<ul>\n<li>Le chapitrage complet du film<\/li>\n<li>La partition &#8220;aide-m\u00e9moire&#8221; des principaux \u00e9l\u00e9ments (th\u00e8me, cadences, marches harmoniques).<\/li>\n<\/ul>\n<p>&nbsp;<\/p>\n<p><span style=\"text-decoration: underline;\"><span style=\"font-size: 16px;\"><strong>SOMMAIRE :<\/strong><\/span><\/span><\/p>\n<p align=\"LEFT\"><span style=\"font-size: medium;\">INTRODUCTION<\/span><\/p>\n<p align=\"LEFT\"><span style=\"font-size: medium;\"><b>TH<span style=\"font-family: Times New Roman,serif;\">\u00c8<\/span>ME PRINCIPAL<\/b><\/span><\/p>\n<ul>\n<li><span style=\"font-size: medium;\">Reprise du th\u00e8me en do majeur<\/span><\/li>\n<li><span style=\"font-size: medium;\">Th\u00e8me en sol majeur\/la mineur<\/span><\/li>\n<li><span style=\"font-size: medium;\">Accompagnement en 6tes et 3ces <\/span><\/li>\n<li><span style=\"font-size: medium;\">Reprise du th\u00e8me mains ensemble (do majeur\/la mineur)<\/span><\/li>\n<li><span style=\"font-size: medium;\"><span style=\"font-family: Times New Roman,serif;\">\u00c9<\/span>tude improvis\u00e9e<\/span><\/li>\n<\/ul>\n<p align=\"LEFT\"><span style=\"font-size: medium;\"><b>\u00a0CADENCES<\/b><\/span><\/p>\n<ul>\n<li><span style=\"font-size: medium;\"> Encha\u00eenement I\/V\/I<\/span><\/li>\n<li><span style=\"font-size: medium;\">Retard de la sensible<\/span><\/li>\n<li><span style=\"font-size: medium;\">Septi\u00e8me en passage<\/span><\/li>\n<li><span style=\"font-size: medium;\">Sous dominante (encha\u00eenement I\/IV\/V\/I)<\/span><\/li>\n<li><span style=\"font-size: medium;\">Animation des diff\u00e9rentes voix<\/span><\/li>\n<\/ul>\n<p align=\"LEFT\"><span style=\"font-size: medium;\"><b>MARCHES HARMONIQUES<\/b><\/span><\/p>\n<ul>\n<li><span style=\"font-size: medium;\">Premi\u00e8re marche harmonique<\/span><\/li>\n<li><span style=\"font-size: medium;\"> Deuxi\u00e8me marche harmonique<\/span><\/li>\n<li><span style=\"font-size: medium;\">Improvisation sur ces deux marches harmoniques et cadences<\/span><\/li>\n<\/ul>\n<p align=\"LEFT\"><span style=\"font-size: medium;\"><b>IMPROVISATION<\/b><\/span><\/p>\n<ul>\n<li><span style=\"font-size: medium;\">Plan tonal<\/span><\/li>\n<li><span style=\"font-size: medium;\">L&#8217;improvisation en d\u00e9tail<\/span><\/li>\n<li><span style=\"font-size: medium;\"> Reprise comment\u00e9e de l&#8217;improvisation<\/span><\/li>\n<\/ul>\n<p align=\"LEFT\"><span style=\"font-size: medium;\"><b>CONCLUSION\u00a0: r\u00e9sum\u00e9 du pr\u00e9lude improvis\u00e9. <\/b><\/span><\/p>\n<p align=\"LEFT\">Dur\u00e9e du cours vid\u00e9o : 54 mn 27 sec.<\/p>\n<p align=\"LEFT\"><img data-recalc-dims=\"1\" decoding=\"async\" class=\"alignnone  wp-image-304\" src=\"https:\/\/i0.wp.com\/orgue.musicrea-jmc.fr\/boutique\/wp-content\/uploads\/sites\/2\/2017\/04\/2D8L4H5-1.gif?resize=70%2C32&#038;ssl=1\" alt=\"\" width=\"70\" height=\"32\" \/><\/p>\n<p align=\"LEFT\">\u00a0<\/p>\n<p align=\"LEFT\">\u00a0<\/p>\n","protected":false},"excerpt":{"rendered":"<p>Cours vid\u00e9o :\u00a0 improviser un pr\u00e9lude dans le style baroque <em>(t\u00e9l\u00e9chargement imm\u00e9diat)<\/em><\/p>\n","protected":false},"featured_media":357,"comment_status":"closed","ping_status":"closed","template":"","meta":[],"product_brand":[],"product_cat":[25],"product_tag":[],"class_list":{"0":"post-256","1":"product","2":"type-product","3":"status-publish","4":"has-post-thumbnail","6":"product_cat-cours-video-telechargeable","8":"first","9":"instock","10":"downloadable","11":"virtual","12":"purchasable","13":"product-type-simple"},"jetpack_sharing_enabled":true,"_links":{"self":[{"href":"https:\/\/orgue.musicrea-jmc.fr\/boutique\/wp-json\/wp\/v2\/product\/256","targetHints":{"allow":["GET"]}}],"collection":[{"href":"https:\/\/orgue.musicrea-jmc.fr\/boutique\/wp-json\/wp\/v2\/product"}],"about":[{"href":"https:\/\/orgue.musicrea-jmc.fr\/boutique\/wp-json\/wp\/v2\/types\/product"}],"replies":[{"embeddable":true,"href":"https:\/\/orgue.musicrea-jmc.fr\/boutique\/wp-json\/wp\/v2\/comments?post=256"}],"wp:featuredmedia":[{"embeddable":true,"href":"https:\/\/orgue.musicrea-jmc.fr\/boutique\/wp-json\/wp\/v2\/media\/357"}],"wp:attachment":[{"href":"https:\/\/orgue.musicrea-jmc.fr\/boutique\/wp-json\/wp\/v2\/media?parent=256"}],"wp:term":[{"taxonomy":"product_brand","embeddable":true,"href":"https:\/\/orgue.musicrea-jmc.fr\/boutique\/wp-json\/wp\/v2\/product_brand?post=256"},{"taxonomy":"product_cat","embeddable":true,"href":"https:\/\/orgue.musicrea-jmc.fr\/boutique\/wp-json\/wp\/v2\/product_cat?post=256"},{"taxonomy":"product_tag","embeddable":true,"href":"https:\/\/orgue.musicrea-jmc.fr\/boutique\/wp-json\/wp\/v2\/product_tag?post=256"}],"curies":[{"name":"wp","href":"https:\/\/api.w.org\/{rel}","templated":true}]}}